{"id":1991,"date":"2020-03-03T21:12:39","date_gmt":"2020-03-03T20:12:39","guid":{"rendered":"http:\/\/studenckifestiwal.pl\/?page_id=1991"},"modified":"2024-09-28T17:25:02","modified_gmt":"2024-09-28T15:25:02","slug":"aktualnosci","status":"publish","type":"page","link":"https:\/\/studenckifestiwal.pl\/index.php\/aktualnosci\/","title":{"rendered":"Aktualno\u015bci"},"content":{"rendered":"<!--themify_builder_content-->\n<div id=\"themify_builder_content-1991\" data-postid=\"1991\" class=\"themify_builder_content themify_builder_content-1991 themify_builder tf_clear\">\n                    <div  data-lazy=\"1\" class=\"module_row themify_builder_row tb_iisk143 tb_first tf_w\">\n                        <div class=\"row_inner col_align_top tb_col_count_1 tf_box tf_rel\">\n                        <div  data-lazy=\"1\" class=\"module_column tb-column col-full tb_mrlz143 first\">\n                    <!-- module post -->\n<div  class=\"module module-post tb_elm56 \">\n    <div  class=\"builder-posts-wrap loops-wrapper grid3 tf_clear tf_clearfix tb_ajax_pagination\" data-id=\"tb_elm56\" data-lazy=\"1\">\n    \n                    \n                    <article id=\"post-3814\" class=\"post tf_clearfix post-3814 type-post status-publish format-standard has-post-thumbnail hentry category-slider\">\n\n                    \n                    \n                                <figure class=\"post-image\">\n                                                                        <a href=\"https:\/\/studenckifestiwal.pl\/index.php\/2026\/01\/29\/werdykt-61-sfp\/\"><img loading=\"lazy\" decoding=\"async\" width=\"500\" height=\"500\" src=\"https:\/\/studenckifestiwal.pl\/wp-content\/uploads\/2025\/05\/SFP-2025-zdjecie-profilowe.jpg\" class=\"wp-post-image wp-image-3671\" title=\"SFP 2025 zdjecie profilowe\" alt=\"SFP 2025 zdjecie profilowe\" srcset=\"https:\/\/studenckifestiwal.pl\/wp-content\/uploads\/2025\/05\/SFP-2025-zdjecie-profilowe.jpg 500w, https:\/\/studenckifestiwal.pl\/wp-content\/uploads\/2025\/05\/SFP-2025-zdjecie-profilowe-300x300.jpg 300w, https:\/\/studenckifestiwal.pl\/wp-content\/uploads\/2025\/05\/SFP-2025-zdjecie-profilowe-150x150.jpg 150w\" sizes=\"auto, (max-width: 500px) 100vw, 500px\" \/><\/a>\n                                                                <\/figure>\n\n                                    \n                        <div class=\"post-content\">\n\n                                                        <time datetime=\"2026-01-29\" class=\"post-date\" pubdate>29 stycznia 2026<\/time>\n                        \n                                                                                            <h2 class=\"post-title\">\n                                                                    <a href=\"https:\/\/studenckifestiwal.pl\/index.php\/2026\/01\/29\/werdykt-61-sfp\/\">Werdykt 61.SFP<\/a>\n                                                                <\/h2>\n                                                            \n                                                            <p class=\"post-meta\">\n                                    <span class=\"post-author\"><a href=\"https:\/\/studenckifestiwal.pl\/index.php\/author\/admin\/\" title=\"Wpisy od admin\" rel=\"author\">admin<\/a><\/span>\n                                    <span class=\"post-category\">\n                                <a href=\"https:\/\/studenckifestiwal.pl\/index.php\/category\/slider\/\" rel=\"category tag\">Aktualno\u015bci<\/a>                                    <\/span>\n                                                                                                                <\/p>\n                                \n                                <p>Protok\u00f3\u0142 JURY&nbsp;Jury w sk\u0142adzie:Jaros\u0142aw Wasik \u2013 przewodnicz\u0105cyEwa KorneckaEwa \u015anie\u017cankaArtur OrzechJan Poprawa&nbsp;Po wys\u0142uchaniu 25 wykonawc\u00f3w zakwalifikowanych do udzia\u0142u w Konkursie 61.<\/p>\n<p><a href=\"https:\/\/studenckifestiwal.pl\/index.php\/2026\/01\/29\/werdykt-61-sfp\/\" class=\"more-link\">Czytaj wi\u0119cej<span class=\"screen-reader-text\">Werdykt 61.SFP<\/span><\/a><\/p>\n                            \n                        <\/div>\n                        <!-- \/.post-content -->\n                                \n                    <\/article>\n            \n                        \n                    \n                    <article id=\"post-3788\" class=\"post tf_clearfix post-3788 type-post status-publish format-standard has-post-thumbnail hentry category-slider\">\n\n                    \n                    \n                                <figure class=\"post-image\">\n                                                                        <a href=\"https:\/\/studenckifestiwal.pl\/index.php\/2025\/10\/09\/konkurs-61-sfp\/\"><img loading=\"lazy\" decoding=\"async\" width=\"500\" height=\"500\" src=\"https:\/\/studenckifestiwal.pl\/wp-content\/uploads\/2025\/10\/PlakatKonkursGrafika_dRUK.jpg\" class=\"wp-post-image wp-image-3793\" title=\"PlakatKonkursGrafika_dRUK\" alt=\"PlakatKonkursGrafika_dRUK\" srcset=\"https:\/\/studenckifestiwal.pl\/wp-content\/uploads\/2025\/10\/PlakatKonkursGrafika_dRUK.jpg 500w, https:\/\/studenckifestiwal.pl\/wp-content\/uploads\/2025\/10\/PlakatKonkursGrafika_dRUK-300x300.jpg 300w, https:\/\/studenckifestiwal.pl\/wp-content\/uploads\/2025\/10\/PlakatKonkursGrafika_dRUK-150x150.jpg 150w\" sizes=\"auto, (max-width: 500px) 100vw, 500px\" \/><\/a>\n                                                                <\/figure>\n\n                                    \n                        <div class=\"post-content\">\n\n                                                        <time datetime=\"2025-10-09\" class=\"post-date\" pubdate>9 pa\u017adziernika 2025<\/time>\n                        \n                                                                                            <h2 class=\"post-title\">\n                                                                    <a href=\"https:\/\/studenckifestiwal.pl\/index.php\/2025\/10\/09\/konkurs-61-sfp\/\">\u00a0Konkurs | 61.SFP<\/a>\n                                                                <\/h2>\n                                                            \n                                                            <p class=\"post-meta\">\n                                    <span class=\"post-author\"><a href=\"https:\/\/studenckifestiwal.pl\/index.php\/author\/admin\/\" title=\"Wpisy od admin\" rel=\"author\">admin<\/a><\/span>\n                                    <span class=\"post-category\">\n                                <a href=\"https:\/\/studenckifestiwal.pl\/index.php\/category\/slider\/\" rel=\"category tag\">Aktualno\u015bci<\/a>                                    <\/span>\n                                                                                                                <\/p>\n                                \n                                <p>&nbsp;Festiwalowiczki i Festiwalowicze!&nbsp;Pami\u0119tacie, \u017ce&nbsp;Studencki Festiwal Piosenki&nbsp;to przede wszystkim\u2026 KONKURS!&nbsp;Ju\u017c w sobot\u0119, 18 pa\u017adziernika, o godz. 11:00 spotykamy si\u0119 w&nbsp;Muzeum Sztuki<\/p>\n<p><a href=\"https:\/\/studenckifestiwal.pl\/index.php\/2025\/10\/09\/konkurs-61-sfp\/\" class=\"more-link\">Czytaj wi\u0119cej<span class=\"screen-reader-text\">\u00a0Konkurs | 61.SFP<\/span><\/a><\/p>\n                            \n                        <\/div>\n                        <!-- \/.post-content -->\n                                \n                    <\/article>\n            \n                        \n                    \n                    <article id=\"post-3736\" class=\"post tf_clearfix post-3736 type-post status-publish format-standard has-post-thumbnail hentry category-slider\">\n\n                    \n                    \n                                <figure class=\"post-image\">\n                                                                        <a href=\"https:\/\/studenckifestiwal.pl\/index.php\/2025\/07\/10\/lukasz-jedrys-piosenki-z-zywicy-61-studencki-festiwal-piosenki\/\"><img loading=\"lazy\" decoding=\"async\" width=\"500\" height=\"500\" src=\"https:\/\/studenckifestiwal.pl\/wp-content\/uploads\/2025\/07\/800x600px-Jedrys.png\" class=\"wp-post-image wp-image-3737\" title=\"800x600px Je\u0328drys\" alt=\"800x600px Je\u0328drys\" srcset=\"https:\/\/studenckifestiwal.pl\/wp-content\/uploads\/2025\/07\/800x600px-Jedrys.png 500w, https:\/\/studenckifestiwal.pl\/wp-content\/uploads\/2025\/07\/800x600px-Jedrys-300x300.png 300w, https:\/\/studenckifestiwal.pl\/wp-content\/uploads\/2025\/07\/800x600px-Jedrys-150x150.png 150w\" sizes=\"auto, (max-width: 500px) 100vw, 500px\" \/><\/a>\n                                                                <\/figure>\n\n                                    \n                        <div class=\"post-content\">\n\n                                                        <time datetime=\"2025-07-10\" class=\"post-date\" pubdate>10 lipca 2025<\/time>\n                        \n                                                                                            <h2 class=\"post-title\">\n                                                                    <a href=\"https:\/\/studenckifestiwal.pl\/index.php\/2025\/07\/10\/lukasz-jedrys-piosenki-z-zywicy-61-studencki-festiwal-piosenki\/\">\u0141ukasz J\u0119drys &#8211; &#8222;Piosenki z \u017bywicy | 61. Studencki Festiwal Piosenki<\/a>\n                                                                <\/h2>\n                                                            \n                                                            <p class=\"post-meta\">\n                                    <span class=\"post-author\"><a href=\"https:\/\/studenckifestiwal.pl\/index.php\/author\/admin\/\" title=\"Wpisy od admin\" rel=\"author\">admin<\/a><\/span>\n                                    <span class=\"post-category\">\n                                <a href=\"https:\/\/studenckifestiwal.pl\/index.php\/category\/slider\/\" rel=\"category tag\">Aktualno\u015bci<\/a>                                    <\/span>\n                                                                                                                <\/p>\n                                \n                                <p>Czas na ostatnie og\u0142oszenie tegorocznego programu Festiwalu!&nbsp; Tegoroczn\u0105 edycj\u0119 zainauguruje zwyci\u0119zca 58. SFP z 2022 roku \u2013 \u0141ukasz J\u0119drys.&nbsp; Koncert:<\/p>\n<p><a href=\"https:\/\/studenckifestiwal.pl\/index.php\/2025\/07\/10\/lukasz-jedrys-piosenki-z-zywicy-61-studencki-festiwal-piosenki\/\" class=\"more-link\">Czytaj wi\u0119cej<span class=\"screen-reader-text\">\u0141ukasz J\u0119drys &#8211; &#8222;Piosenki z \u017bywicy | 61. Studencki Festiwal Piosenki<\/span><\/a><\/p>\n                            \n                        <\/div>\n                        <!-- \/.post-content -->\n                                \n                    <\/article>\n            \n                        \n                    \n                    <article id=\"post-3725\" class=\"post tf_clearfix post-3725 type-post status-publish format-standard has-post-thumbnail hentry category-slider\">\n\n                    \n                    \n                                <figure class=\"post-image\">\n                                                                        <a href=\"https:\/\/studenckifestiwal.pl\/index.php\/2025\/06\/17\/maryla-rodowicz-61-sfp\/\"><img loading=\"lazy\" decoding=\"async\" width=\"550\" height=\"550\" src=\"https:\/\/studenckifestiwal.pl\/wp-content\/uploads\/2025\/06\/1200x1200-px-M.Rodowicz.png\" class=\"wp-post-image wp-image-3721\" title=\"1200x1200 px M.Rodowicz\" alt=\"1200x1200 px M.Rodowicz\" srcset=\"https:\/\/studenckifestiwal.pl\/wp-content\/uploads\/2025\/06\/1200x1200-px-M.Rodowicz.png 550w, https:\/\/studenckifestiwal.pl\/wp-content\/uploads\/2025\/06\/1200x1200-px-M.Rodowicz-300x300.png 300w, https:\/\/studenckifestiwal.pl\/wp-content\/uploads\/2025\/06\/1200x1200-px-M.Rodowicz-150x150.png 150w\" sizes=\"auto, (max-width: 550px) 100vw, 550px\" \/><\/a>\n                                                                <\/figure>\n\n                                    \n                        <div class=\"post-content\">\n\n                                                        <time datetime=\"2025-06-17\" class=\"post-date\" pubdate>17 czerwca 2025<\/time>\n                        \n                                                                                            <h2 class=\"post-title\">\n                                                                    <a href=\"https:\/\/studenckifestiwal.pl\/index.php\/2025\/06\/17\/maryla-rodowicz-61-sfp\/\">Maryla Rodowicz | 61.SFP<\/a>\n                                                                <\/h2>\n                                                            \n                                                            <p class=\"post-meta\">\n                                    <span class=\"post-author\"><a href=\"https:\/\/studenckifestiwal.pl\/index.php\/author\/admin\/\" title=\"Wpisy od admin\" rel=\"author\">admin<\/a><\/span>\n                                    <span class=\"post-category\">\n                                <a href=\"https:\/\/studenckifestiwal.pl\/index.php\/category\/slider\/\" rel=\"category tag\">Aktualno\u015bci<\/a>                                    <\/span>\n                                                                                                                <\/p>\n                                \n                                <p>&nbsp;Legenda wraca tam, gdzie wszystko si\u0119 zacz\u0119\u0142o!To b\u0119dzie wiecz\u00f3r pe\u0142en wzrusze\u0144, wspomnie\u0144 i absolutnej muzycznej magii.&nbsp;Maryla Rodowicz, niekwestionowana ikona polskiej<\/p>\n<p><a href=\"https:\/\/studenckifestiwal.pl\/index.php\/2025\/06\/17\/maryla-rodowicz-61-sfp\/\" class=\"more-link\">Czytaj wi\u0119cej<span class=\"screen-reader-text\">Maryla Rodowicz | 61.SFP<\/span><\/a><\/p>\n                            \n                        <\/div>\n                        <!-- \/.post-content -->\n                                \n                    <\/article>\n            \n                        \n                    \n                    <article id=\"post-3696\" class=\"post tf_clearfix post-3696 type-post status-publish format-standard has-post-thumbnail hentry category-slider\">\n\n                    \n                    \n                                <figure class=\"post-image\">\n                                                                        <a href=\"https:\/\/studenckifestiwal.pl\/index.php\/2025\/06\/03\/karolina-cicha-spolka-przeglad-poezji-polskiej\/\"><img decoding=\"async\" src=\"https:\/\/studenckifestiwal.pl\/wp-content\/uploads\/2025\/06\/sobota-800-x-600-px--666x600.png\" title=\"Karolina Cicha &amp; Sp\u00f3\u0142ka \u2013 \u201ePrzegl\u0105d poezji polskiej\u201d\" alt=\"Karolina Cicha &amp; Sp\u00f3\u0142ka \u2013 \u201ePrzegl\u0105d poezji polskiej\u201d\"><\/a>\n                                                                <\/figure>\n\n                                    \n                        <div class=\"post-content\">\n\n                                                        <time datetime=\"2025-06-03\" class=\"post-date\" pubdate>3 czerwca 2025<\/time>\n                        \n                                                                                            <h2 class=\"post-title\">\n                                                                    <a href=\"https:\/\/studenckifestiwal.pl\/index.php\/2025\/06\/03\/karolina-cicha-spolka-przeglad-poezji-polskiej\/\">Karolina Cicha &amp; Sp\u00f3\u0142ka \u2013 \u201ePrzegl\u0105d poezji polskiej\u201d<\/a>\n                                                                <\/h2>\n                                                            \n                                                            <p class=\"post-meta\">\n                                    <span class=\"post-author\"><a href=\"https:\/\/studenckifestiwal.pl\/index.php\/author\/admin\/\" title=\"Wpisy od admin\" rel=\"author\">admin<\/a><\/span>\n                                    <span class=\"post-category\">\n                                <a href=\"https:\/\/studenckifestiwal.pl\/index.php\/category\/slider\/\" rel=\"category tag\">Aktualno\u015bci<\/a>                                    <\/span>\n                                                                                                                <\/p>\n                                \n                                <p>3&#8230; 2&#8230; 1&#8230; OG\u0141ASZAMY!Kolejny punkt programu 61. Studenckiego Festiwalu Piosenki!&nbsp; Karolina Cicha &amp; Sp\u00f3\u0142ka \u2013 \u201ePrzegl\u0105d poezji polskiej\u201d | 61.<\/p>\n<p><a href=\"https:\/\/studenckifestiwal.pl\/index.php\/2025\/06\/03\/karolina-cicha-spolka-przeglad-poezji-polskiej\/\" class=\"more-link\">Czytaj wi\u0119cej<span class=\"screen-reader-text\">Karolina Cicha &amp; Sp\u00f3\u0142ka \u2013 \u201ePrzegl\u0105d poezji polskiej\u201d<\/span><\/a><\/p>\n                            \n                        <\/div>\n                        <!-- \/.post-content -->\n                                \n                    <\/article>\n            \n                        \n                    \n                    <article id=\"post-3674\" class=\"post tf_clearfix post-3674 type-post status-publish format-standard has-post-thumbnail hentry category-slider\">\n\n                    \n                    \n                                <figure class=\"post-image\">\n                                                                        <a href=\"https:\/\/studenckifestiwal.pl\/index.php\/2025\/05\/19\/zbigniew-zamachowski-nie-tylko-o-milosci-61-sfp\/\"><img decoding=\"async\" src=\"https:\/\/studenckifestiwal.pl\/wp-content\/uploads\/2025\/05\/1200x1200-px-bez-napisow-666x666.png\" title=\"Zbigniew Zamachowski \u2013 \u201eNie tylko o mi\u0142o\u015bci\u201d | 61. SFP\" alt=\"Zbigniew Zamachowski \u2013 \u201eNie tylko o mi\u0142o\u015bci\u201d | 61. SFP\"><\/a>\n                                                                <\/figure>\n\n                                    \n                        <div class=\"post-content\">\n\n                                                        <time datetime=\"2025-05-19\" class=\"post-date\" pubdate>19 maja 2025<\/time>\n                        \n                                                                                            <h2 class=\"post-title\">\n                                                                    <a href=\"https:\/\/studenckifestiwal.pl\/index.php\/2025\/05\/19\/zbigniew-zamachowski-nie-tylko-o-milosci-61-sfp\/\">Zbigniew Zamachowski \u2013 \u201eNie tylko o mi\u0142o\u015bci\u201d | 61. SFP<\/a>\n                                                                <\/h2>\n                                                            \n                                                            <p class=\"post-meta\">\n                                    <span class=\"post-author\"><a href=\"https:\/\/studenckifestiwal.pl\/index.php\/author\/admin\/\" title=\"Wpisy od admin\" rel=\"author\">admin<\/a><\/span>\n                                    <span class=\"post-category\">\n                                <a href=\"https:\/\/studenckifestiwal.pl\/index.php\/category\/slider\/\" rel=\"category tag\">Aktualno\u015bci<\/a>                                    <\/span>\n                                                                                                                <\/p>\n                                \n                                <p>3&#8230; 2&#8230; 1&#8230; OG\u0141ASZAMY!Pierwszy punkt programu 61. Studenckiego Festiwalu Piosenki w\u0142a\u015bnie trafia do Was! &nbsp; Koncert: Zbigniew Zamachowski \u2013 \u201eNie<\/p>\n<p><a href=\"https:\/\/studenckifestiwal.pl\/index.php\/2025\/05\/19\/zbigniew-zamachowski-nie-tylko-o-milosci-61-sfp\/\" class=\"more-link\">Czytaj wi\u0119cej<span class=\"screen-reader-text\">Zbigniew Zamachowski \u2013 \u201eNie tylko o mi\u0142o\u015bci\u201d | 61. SFP<\/span><\/a><\/p>\n                            \n                        <\/div>\n                        <!-- \/.post-content -->\n                                \n                    <\/article>\n            \n                        \n                    \n                    <article id=\"post-3663\" class=\"post tf_clearfix post-3663 type-post status-publish format-standard has-post-thumbnail hentry category-slider\">\n\n                    \n                    \n                                <figure class=\"post-image\">\n                                                                        <a href=\"https:\/\/studenckifestiwal.pl\/index.php\/2025\/05\/13\/61-studencki-festiwal-piosenki-zbliza-sie-wielkimi-krokami\/\"><img loading=\"lazy\" decoding=\"async\" width=\"500\" height=\"500\" src=\"https:\/\/studenckifestiwal.pl\/wp-content\/uploads\/2025\/05\/SFP-2025-zdjecie-profilowe.jpg\" class=\"wp-post-image wp-image-3671\" title=\"SFP 2025 zdjecie profilowe\" alt=\"SFP 2025 zdjecie profilowe\" srcset=\"https:\/\/studenckifestiwal.pl\/wp-content\/uploads\/2025\/05\/SFP-2025-zdjecie-profilowe.jpg 500w, https:\/\/studenckifestiwal.pl\/wp-content\/uploads\/2025\/05\/SFP-2025-zdjecie-profilowe-300x300.jpg 300w, https:\/\/studenckifestiwal.pl\/wp-content\/uploads\/2025\/05\/SFP-2025-zdjecie-profilowe-150x150.jpg 150w\" sizes=\"auto, (max-width: 500px) 100vw, 500px\" \/><\/a>\n                                                                <\/figure>\n\n                                    \n                        <div class=\"post-content\">\n\n                                                        <time datetime=\"2025-05-13\" class=\"post-date\" pubdate>13 maja 2025<\/time>\n                        \n                                                                                            <h2 class=\"post-title\">\n                                                                    <a href=\"https:\/\/studenckifestiwal.pl\/index.php\/2025\/05\/13\/61-studencki-festiwal-piosenki-zbliza-sie-wielkimi-krokami\/\">61. Studencki Festiwal Piosenki zbli\u017ca si\u0119 wielkimi krokami!<\/a>\n                                                                <\/h2>\n                                                            \n                                                            <p class=\"post-meta\">\n                                    <span class=\"post-author\"><a href=\"https:\/\/studenckifestiwal.pl\/index.php\/author\/admin\/\" title=\"Wpisy od admin\" rel=\"author\">admin<\/a><\/span>\n                                    <span class=\"post-category\">\n                                <a href=\"https:\/\/studenckifestiwal.pl\/index.php\/category\/slider\/\" rel=\"category tag\">Aktualno\u015bci<\/a>                                    <\/span>\n                                                                                                                <\/p>\n                                \n                                <p>\ud83c\udf89 Kochani! &nbsp; Z rado\u015bci\u0105 og\u0142aszamy, \u017ce 61. Studencki Festiwal Piosenki zbli\u017ca si\u0119 wielkimi krokami! \ud83d\udca5 Tegoroczna, jubileuszowa edycja otwiera<\/p>\n<p><a href=\"https:\/\/studenckifestiwal.pl\/index.php\/2025\/05\/13\/61-studencki-festiwal-piosenki-zbliza-sie-wielkimi-krokami\/\" class=\"more-link\">Czytaj wi\u0119cej<span class=\"screen-reader-text\">61. Studencki Festiwal Piosenki zbli\u017ca si\u0119 wielkimi krokami!<\/span><\/a><\/p>\n                            \n                        <\/div>\n                        <!-- \/.post-content -->\n                                \n                    <\/article>\n            \n                        \n                    \n                    <article id=\"post-3594\" class=\"post tf_clearfix post-3594 type-post status-publish format-standard has-post-thumbnail hentry category-slider\">\n\n                    \n                    \n                                <figure class=\"post-image\">\n                                                                        <a href=\"https:\/\/studenckifestiwal.pl\/index.php\/2024\/10\/24\/werdykt-60-sfp\/\"><img loading=\"lazy\" decoding=\"async\" width=\"500\" height=\"499\" src=\"https:\/\/studenckifestiwal.pl\/wp-content\/uploads\/2024\/10\/Bez-tytulu.png\" class=\"wp-post-image wp-image-3598\" title=\"Bez\u00a0tytu\u0142u\" alt=\"Bez\u00a0tytu\u0142u\" srcset=\"https:\/\/studenckifestiwal.pl\/wp-content\/uploads\/2024\/10\/Bez-tytulu.png 500w, https:\/\/studenckifestiwal.pl\/wp-content\/uploads\/2024\/10\/Bez-tytulu-300x300.png 300w, https:\/\/studenckifestiwal.pl\/wp-content\/uploads\/2024\/10\/Bez-tytulu-150x150.png 150w\" sizes=\"auto, (max-width: 500px) 100vw, 500px\" \/><\/a>\n                                                                <\/figure>\n\n                                    \n                        <div class=\"post-content\">\n\n                                                        <time datetime=\"2024-10-24\" class=\"post-date\" pubdate>24 pa\u017adziernika 2024<\/time>\n                        \n                                                                                            <h2 class=\"post-title\">\n                                                                    <a href=\"https:\/\/studenckifestiwal.pl\/index.php\/2024\/10\/24\/werdykt-60-sfp\/\">WERDYKT 60.SFP<\/a>\n                                                                <\/h2>\n                                                            \n                                                            <p class=\"post-meta\">\n                                    <span class=\"post-author\"><a href=\"https:\/\/studenckifestiwal.pl\/index.php\/author\/admin\/\" title=\"Wpisy od admin\" rel=\"author\">admin<\/a><\/span>\n                                    <span class=\"post-category\">\n                                <a href=\"https:\/\/studenckifestiwal.pl\/index.php\/category\/slider\/\" rel=\"category tag\">Aktualno\u015bci<\/a>                                    <\/span>\n                                                                                                                <\/p>\n                                \n                                <p>WERDYKT&nbsp;Krak\u00f3w, 19 pa\u017adziernika 2024r.&nbsp;60. Studencki Festiwal Piosenki w Krakowie&nbsp;Protok\u00f3\u0142 JURY&nbsp;Jury w sk\u0142adzie:&nbsp;Jaros\u0142aw Wasik \u2013 przewodnicz\u0105cyAsia NawojskaEwa KorneckaEwa \u015anie\u017cankaJan PoprawaMarcin Kusy&nbsp;po<\/p>\n<p><a href=\"https:\/\/studenckifestiwal.pl\/index.php\/2024\/10\/24\/werdykt-60-sfp\/\" class=\"more-link\">Czytaj wi\u0119cej<span class=\"screen-reader-text\">WERDYKT 60.SFP<\/span><\/a><\/p>\n                            \n                        <\/div>\n                        <!-- \/.post-content -->\n                                \n                    <\/article>\n            \n                        \n                    \n                    <article id=\"post-3555\" class=\"post tf_clearfix post-3555 type-post status-publish format-standard has-post-thumbnail hentry category-slider\">\n\n                    \n                    \n                                <figure class=\"post-image\">\n                                                                        <a href=\"https:\/\/studenckifestiwal.pl\/index.php\/2024\/10\/10\/zespol-reprezentacyjny-bilety-wyprzedane\/\"><img loading=\"lazy\" decoding=\"async\" width=\"666\" height=\"666\" src=\"https:\/\/studenckifestiwal.pl\/wp-content\/uploads\/2024\/10\/Projekt-bez-nazwy-1-666x666.png\" class=\"wp-post-image wp-image-3556\" title=\"Projekt bez nazwy (1)\" alt=\"Projekt bez nazwy (1)\" srcset=\"https:\/\/studenckifestiwal.pl\/wp-content\/uploads\/2024\/10\/Projekt-bez-nazwy-1-666x666.png 666w, https:\/\/studenckifestiwal.pl\/wp-content\/uploads\/2024\/10\/Projekt-bez-nazwy-1-300x300.png 300w, https:\/\/studenckifestiwal.pl\/wp-content\/uploads\/2024\/10\/Projekt-bez-nazwy-1-1024x1024.png 1024w, https:\/\/studenckifestiwal.pl\/wp-content\/uploads\/2024\/10\/Projekt-bez-nazwy-1-150x150.png 150w, https:\/\/studenckifestiwal.pl\/wp-content\/uploads\/2024\/10\/Projekt-bez-nazwy-1-768x768.png 768w, https:\/\/studenckifestiwal.pl\/wp-content\/uploads\/2024\/10\/Projekt-bez-nazwy-1-1536x1536.png 1536w, https:\/\/studenckifestiwal.pl\/wp-content\/uploads\/2024\/10\/Projekt-bez-nazwy-1-2048x2048.png 2048w\" sizes=\"auto, (max-width: 666px) 100vw, 666px\" \/><\/a>\n                                                                <\/figure>\n\n                                    \n                        <div class=\"post-content\">\n\n                                                        <time datetime=\"2024-10-10\" class=\"post-date\" pubdate>10 pa\u017adziernika 2024<\/time>\n                        \n                                                                                            <h2 class=\"post-title\">\n                                                                    <a href=\"https:\/\/studenckifestiwal.pl\/index.php\/2024\/10\/10\/zespol-reprezentacyjny-bilety-wyprzedane\/\">Zesp\u00f3\u0142 Reprezentacyjny -bilety wyprzedane<\/a>\n                                                                <\/h2>\n                                                            \n                                                            <p class=\"post-meta\">\n                                    <span class=\"post-author\"><a href=\"https:\/\/studenckifestiwal.pl\/index.php\/author\/admin\/\" title=\"Wpisy od admin\" rel=\"author\">admin<\/a><\/span>\n                                    <span class=\"post-category\">\n                                <a href=\"https:\/\/studenckifestiwal.pl\/index.php\/category\/slider\/\" rel=\"category tag\">Aktualno\u015bci<\/a>                                    <\/span>\n                                                                                                                <\/p>\n                                \n                                <p>Z rado\u015bci\u0105 informujemy, \u017ce koncert ZESP\u00d3\u0141 REPREZENTACYJNY | 60.SFP zosta\u0142 ca\u0142kowicie wyprzedany! &nbsp; Dzi\u0119kujemy za ogromne zainteresowanie! &nbsp; Przypominamy, \u017ce<\/p>\n<p><a href=\"https:\/\/studenckifestiwal.pl\/index.php\/2024\/10\/10\/zespol-reprezentacyjny-bilety-wyprzedane\/\" class=\"more-link\">Czytaj wi\u0119cej<span class=\"screen-reader-text\">Zesp\u00f3\u0142 Reprezentacyjny -bilety wyprzedane<\/span><\/a><\/p>\n                            \n                        <\/div>\n                        <!-- \/.post-content -->\n                                \n                    <\/article>\n            \n                        \n                    \n                    <article id=\"post-3544\" class=\"post tf_clearfix post-3544 type-post status-publish format-standard has-post-thumbnail hentry category-slider\">\n\n                    \n                    \n                                <figure class=\"post-image\">\n                                                                        <a href=\"https:\/\/studenckifestiwal.pl\/index.php\/2024\/10\/10\/konkurs-60-sfp\/\"><img loading=\"lazy\" decoding=\"async\" width=\"500\" height=\"500\" src=\"https:\/\/studenckifestiwal.pl\/wp-content\/uploads\/2024\/10\/3-1.png\" class=\"wp-post-image wp-image-3548\" title=\"3\" alt=\"3\" srcset=\"https:\/\/studenckifestiwal.pl\/wp-content\/uploads\/2024\/10\/3-1.png 500w, https:\/\/studenckifestiwal.pl\/wp-content\/uploads\/2024\/10\/3-1-300x300.png 300w, https:\/\/studenckifestiwal.pl\/wp-content\/uploads\/2024\/10\/3-1-150x150.png 150w\" sizes=\"auto, (max-width: 500px) 100vw, 500px\" \/><\/a>\n                                                                <\/figure>\n\n                                    \n                        <div class=\"post-content\">\n\n                                                        <time datetime=\"2024-10-10\" class=\"post-date\" pubdate>10 pa\u017adziernika 2024<\/time>\n                        \n                                                                                            <h2 class=\"post-title\">\n                                                                    <a href=\"https:\/\/studenckifestiwal.pl\/index.php\/2024\/10\/10\/konkurs-60-sfp\/\">Konkurs | 60.SFP<\/a>\n                                                                <\/h2>\n                                                            \n                                                            <p class=\"post-meta\">\n                                    <span class=\"post-author\"><a href=\"https:\/\/studenckifestiwal.pl\/index.php\/author\/admin\/\" title=\"Wpisy od admin\" rel=\"author\">admin<\/a><\/span>\n                                    <span class=\"post-category\">\n                                <a href=\"https:\/\/studenckifestiwal.pl\/index.php\/category\/slider\/\" rel=\"category tag\">Aktualno\u015bci<\/a>                                    <\/span>\n                                                                                                                <\/p>\n                                \n                                <p>Festiwalowiczki i Festiwalowicze! &nbsp;pami\u0119tacie, \u017ce nasz Festiwal to przede wszystkim Konkurs!&nbsp;Jubileuszowa, 60. edycja Konkurs | 60.SFP odb\u0119dzie si\u0119 w sobot\u0119<\/p>\n<p><a href=\"https:\/\/studenckifestiwal.pl\/index.php\/2024\/10\/10\/konkurs-60-sfp\/\" class=\"more-link\">Czytaj wi\u0119cej<span class=\"screen-reader-text\">Konkurs | 60.SFP<\/span><\/a><\/p>\n                            \n                        <\/div>\n                        <!-- \/.post-content -->\n                                \n                    <\/article>\n            \n                        \n                    \n                    <article id=\"post-3531\" class=\"post tf_clearfix post-3531 type-post status-publish format-standard has-post-thumbnail hentry category-slider\">\n\n                    \n                    \n                                <figure class=\"post-image\">\n                                                                        <a href=\"https:\/\/studenckifestiwal.pl\/index.php\/2024\/10\/01\/laureat-ii-nagrody-sfp-z-roku-1985-jan-kondrak\/\"><img loading=\"lazy\" decoding=\"async\" width=\"500\" height=\"500\" src=\"https:\/\/studenckifestiwal.pl\/wp-content\/uploads\/2024\/10\/Grafiki_FB_Kondrak.png\" class=\"wp-post-image wp-image-3532\" title=\"Grafiki_FB_Kondrak\" alt=\"Grafiki_FB_Kondrak\" srcset=\"https:\/\/studenckifestiwal.pl\/wp-content\/uploads\/2024\/10\/Grafiki_FB_Kondrak.png 500w, https:\/\/studenckifestiwal.pl\/wp-content\/uploads\/2024\/10\/Grafiki_FB_Kondrak-300x300.png 300w, https:\/\/studenckifestiwal.pl\/wp-content\/uploads\/2024\/10\/Grafiki_FB_Kondrak-150x150.png 150w\" sizes=\"auto, (max-width: 500px) 100vw, 500px\" \/><\/a>\n                                                                <\/figure>\n\n                                    \n                        <div class=\"post-content\">\n\n                                                        <time datetime=\"2024-10-01\" class=\"post-date\" pubdate>1 pa\u017adziernika 2024<\/time>\n                        \n                                                                                            <h2 class=\"post-title\">\n                                                                    <a href=\"https:\/\/studenckifestiwal.pl\/index.php\/2024\/10\/01\/laureat-ii-nagrody-sfp-z-roku-1985-jan-kondrak\/\">Laureat II nagrody SFP z roku 1985 &#8211; Jan Kondrak<\/a>\n                                                                <\/h2>\n                                                            \n                                                            <p class=\"post-meta\">\n                                    <span class=\"post-author\"><a href=\"https:\/\/studenckifestiwal.pl\/index.php\/author\/admin\/\" title=\"Wpisy od admin\" rel=\"author\">admin<\/a><\/span>\n                                    <span class=\"post-category\">\n                                <a href=\"https:\/\/studenckifestiwal.pl\/index.php\/category\/slider\/\" rel=\"category tag\">Aktualno\u015bci<\/a>                                    <\/span>\n                                                                                                                <\/p>\n                                \n                                <p>Czas zaprezentowa\u0107 ostatni\u0105 gwiazd\u0119 koncertu MAREK DYJAK I GO\u015a\u0106IE: KASIA MO\u015a, JAN KONDRAK, ROBERT KASPRZYCKI | KONCERT FINA\u0141OWY 60.SFP &nbsp;Laureat<\/p>\n<p><a href=\"https:\/\/studenckifestiwal.pl\/index.php\/2024\/10\/01\/laureat-ii-nagrody-sfp-z-roku-1985-jan-kondrak\/\" class=\"more-link\">Czytaj wi\u0119cej<span class=\"screen-reader-text\">Laureat II nagrody SFP z roku 1985 &#8211; Jan Kondrak<\/span><\/a><\/p>\n                            \n                        <\/div>\n                        <!-- \/.post-content -->\n                                \n                    <\/article>\n            \n                        \n                    \n                    <article id=\"post-3527\" class=\"post tf_clearfix post-3527 type-post status-publish format-standard has-post-thumbnail hentry category-slider\">\n\n                    \n                    \n                                <figure class=\"post-image\">\n                                                                        <a href=\"https:\/\/studenckifestiwal.pl\/index.php\/2024\/09\/30\/robert-kasprzycki-singer-songwriter-muzyk-poeta\/\"><img loading=\"lazy\" decoding=\"async\" width=\"500\" height=\"500\" src=\"https:\/\/studenckifestiwal.pl\/wp-content\/uploads\/2024\/09\/Grafiki_FB_Kasprzycki.png\" class=\"wp-post-image wp-image-3528\" title=\"Grafiki_FB_Kasprzycki\" alt=\"Grafiki_FB_Kasprzycki\" srcset=\"https:\/\/studenckifestiwal.pl\/wp-content\/uploads\/2024\/09\/Grafiki_FB_Kasprzycki.png 500w, https:\/\/studenckifestiwal.pl\/wp-content\/uploads\/2024\/09\/Grafiki_FB_Kasprzycki-300x300.png 300w, https:\/\/studenckifestiwal.pl\/wp-content\/uploads\/2024\/09\/Grafiki_FB_Kasprzycki-150x150.png 150w\" sizes=\"auto, (max-width: 500px) 100vw, 500px\" \/><\/a>\n                                                                <\/figure>\n\n                                    \n                        <div class=\"post-content\">\n\n                                                        <time datetime=\"2024-09-30\" class=\"post-date\" pubdate>30 wrze\u015bnia 2024<\/time>\n                        \n                                                                                            <h2 class=\"post-title\">\n                                                                    <a href=\"https:\/\/studenckifestiwal.pl\/index.php\/2024\/09\/30\/robert-kasprzycki-singer-songwriter-muzyk-poeta\/\">Robert Kasprzycki &#8211; singer-songwriter, muzyk, poeta.<\/a>\n                                                                <\/h2>\n                                                            \n                                                            <p class=\"post-meta\">\n                                    <span class=\"post-author\"><a href=\"https:\/\/studenckifestiwal.pl\/index.php\/author\/admin\/\" title=\"Wpisy od admin\" rel=\"author\">admin<\/a><\/span>\n                                    <span class=\"post-category\">\n                                <a href=\"https:\/\/studenckifestiwal.pl\/index.php\/category\/slider\/\" rel=\"category tag\">Aktualno\u015bci<\/a>                                    <\/span>\n                                                                                                                <\/p>\n                                \n                                <p>Festiwal ju\u017c tu\u017c, tu\u017c! &nbsp;Z rado\u015bci\u0105 przedstawiamy kolejn\u0105 gwiazd\u0119 \u2013 zwyci\u0119zc\u0119 XXVIII Festiwalu z 1992 roku \u2013 Robert Kasprzycki! &#8222;Singer-songwriter,<\/p>\n<p><a href=\"https:\/\/studenckifestiwal.pl\/index.php\/2024\/09\/30\/robert-kasprzycki-singer-songwriter-muzyk-poeta\/\" class=\"more-link\">Czytaj wi\u0119cej<span class=\"screen-reader-text\">Robert Kasprzycki &#8211; singer-songwriter, muzyk, poeta.<\/span><\/a><\/p>\n                            \n                        <\/div>\n                        <!-- \/.post-content -->\n                                \n                    <\/article>\n            \n                            <\/div><!-- .builder-posts-wrap -->\n                                    <p class=\"tf_load_more tf_textc tf_clear\"><a data-id=\"tb_elm56\" href=\"https:\/\/studenckifestiwal.pl\/index.php\/wp-json\/wp\/v2\/pages\/1991\/page\/2\/\" data-page=\"1\" class=\"load-more-button\">Load More<\/a><\/p>                <\/div>\n<!-- \/module post -->\n            <\/div>\n                        <\/div>\n        <\/div>\n        <\/div>\n<!--\/themify_builder_content-->","protected":false},"excerpt":{"rendered":"","protected":false},"author":1,"featured_media":0,"parent":0,"menu_order":0,"comment_status":"closed","ping_status":"closed","template":"","meta":{"ngg_post_thumbnail":0,"footnotes":""},"class_list":["post-1991","page","type-page","status-publish","hentry"],"builder_content":"","_links":{"self":[{"href":"https:\/\/studenckifestiwal.pl\/index.php\/wp-json\/wp\/v2\/pages\/1991","targetHints":{"allow":["GET"]}}],"collection":[{"href":"https:\/\/studenckifestiwal.pl\/index.php\/wp-json\/wp\/v2\/pages"}],"about":[{"href":"https:\/\/studenckifestiwal.pl\/index.php\/wp-json\/wp\/v2\/types\/page"}],"author":[{"embeddable":true,"href":"https:\/\/studenckifestiwal.pl\/index.php\/wp-json\/wp\/v2\/users\/1"}],"replies":[{"embeddable":true,"href":"https:\/\/studenckifestiwal.pl\/index.php\/wp-json\/wp\/v2\/comments?post=1991"}],"version-history":[{"count":37,"href":"https:\/\/studenckifestiwal.pl\/index.php\/wp-json\/wp\/v2\/pages\/1991\/revisions"}],"predecessor-version":[{"id":3521,"href":"https:\/\/studenckifestiwal.pl\/index.php\/wp-json\/wp\/v2\/pages\/1991\/revisions\/3521"}],"wp:attachment":[{"href":"https:\/\/studenckifestiwal.pl\/index.php\/wp-json\/wp\/v2\/media?parent=1991"}],"curies":[{"name":"wp","href":"https:\/\/api.w.org\/{rel}","templated":true}]}}