{"id":3658,"date":"2025-05-13T12:50:50","date_gmt":"2025-05-13T10:50:50","guid":{"rendered":"https:\/\/studenckifestiwal.pl\/?page_id=3658"},"modified":"2025-05-13T12:50:51","modified_gmt":"2025-05-13T10:50:51","slug":"61-studencki-festiwal-piosenki-zbliza-sie-wielkimi-krokami","status":"publish","type":"page","link":"http:\/\/studenckifestiwal.pl\/index.php\/61-studencki-festiwal-piosenki-zbliza-sie-wielkimi-krokami\/","title":{"rendered":"61. Studencki Festiwal Piosenki zbli\u017ca si\u0119 wielkimi krokami!"},"content":{"rendered":"<!--themify_builder_content-->\n<div id=\"themify_builder_content-3658\" data-postid=\"3658\" class=\"themify_builder_content themify_builder_content-3658 themify_builder tf_clear\">\n                    <div  data-lazy=\"1\" class=\"module_row themify_builder_row tb_nrxk650 tb_first tf_w\">\n                        <div class=\"row_inner col_align_top tb_col_count_1 tf_box tf_rel\">\n                        <div  data-lazy=\"1\" class=\"module_column tb-column col-full tb_wkug650 first\">\n                    <!-- module text -->\n<div  class=\"module module-text tb_mogc993   \" data-lazy=\"1\">\n        <div  class=\"tb_text_wrap\">\n        <p class=\"\" data-start=\"171\" data-end=\"421\">\ud83c\udf89 Kochani!<br data-start=\"182\" data-end=\"185\">Z rado\u015bci\u0105 og\u0142aszamy, \u017ce <strong data-start=\"210\" data-end=\"245\">61. Studencki Festiwal Piosenki<\/strong> zbli\u017ca si\u0119 wielkimi krokami! \ud83d\udca5<\/p><p class=\"\" data-start=\"171\" data-end=\"421\"><br data-start=\"277\" data-end=\"280\">Tegoroczna, <strong data-start=\"292\" data-end=\"315\">jubileuszowa edycja<\/strong> otwiera <strong data-start=\"324\" data-end=\"341\">si\u00f3dm\u0105 dekad\u0119<\/strong> istnienia naszego Festiwalu \u2013 to dla nas ogromne wydarzenie i pow\u00f3d do dumy! \ud83e\udd79<\/p><p class=\"\" data-start=\"423\" data-end=\"678\">\ud83d\udcc5 Spotykamy si\u0119 w Krakowie <strong data-start=\"451\" data-end=\"487\">w dniach 16\u201319 pa\u017adziernika 2025<\/strong> \u2013 ju\u017c teraz zarezerwujcie ten termin!<br data-start=\"525\" data-end=\"528\">W najbli\u017cszych dniach zaczniemy odkrywa\u0107 przed Wami kolejne elementy programu. Obiecujemy: <strong data-start=\"619\" data-end=\"672\">b\u0119dzie spektakularnie, wyj\u0105tkowo i niezapomnianie<\/strong>! \ud83e\udd29\ud83c\udfb6<\/p><p class=\"\" data-start=\"680\" data-end=\"749\">\ud83d\udca1 \u015aled\u017acie nas uwa\u017cnie, bo ta edycja naprawd\u0119 przejdzie do historii.<\/p><p class=\"\" data-start=\"751\" data-end=\"973\">PS: Robimy wszystko, by sprosta\u0107 Waszym oczekiwaniom i godnie uczci\u0107 ten pi\u0119kny jubileusz \u2764\ufe0f<\/p><p class=\"\" data-start=\"751\" data-end=\"973\">PS2: Ogromne podzi\u0119kowania za opraw\u0119 graficzn\u0105 tegorocznej edycji kierujemy do Zosi Wojdackiej!<\/p>    <\/div>\n<\/div>\n<!-- \/module text -->        <\/div>\n                        <\/div>\n        <\/div>\n        <\/div>\n<!--\/themify_builder_content-->","protected":false},"excerpt":{"rendered":"<p>\ud83c\udf89 Kochani!Z rado\u015bci\u0105 og\u0142aszamy, \u017ce 61. Studencki Festiwal Piosenki zbli\u017ca si\u0119 wielkimi krokami! \ud83d\udca5Tegoroczna, jubileuszowa edycja otwiera si\u00f3dm\u0105 dekad\u0119 istnienia<\/p>\n<p><a href=\"http:\/\/studenckifestiwal.pl\/index.php\/61-studencki-festiwal-piosenki-zbliza-sie-wielkimi-krokami\/\" class=\"more-link\">Czytaj wi\u0119cej<span class=\"screen-reader-text\">61. Studencki Festiwal Piosenki zbli\u017ca si\u0119 wielkimi krokami!<\/span><\/a><\/p>\n","protected":false},"author":1,"featured_media":3661,"parent":0,"menu_order":0,"comment_status":"closed","ping_status":"closed","template":"","meta":{"ngg_post_thumbnail":0,"footnotes":""},"class_list":["post-3658","page","type-page","status-publish","has-post-thumbnail","hentry"],"builder_content":"<p data-start=\"171\" data-end=\"421\">\ud83c\udf89 Kochani!<br data-start=\"182\" data-end=\"185\">Z rado\u015bci\u0105 og\u0142aszamy, \u017ce <strong data-start=\"210\" data-end=\"245\">61. Studencki Festiwal Piosenki<\/strong> zbli\u017ca si\u0119 wielkimi krokami! \ud83d\udca5<\/p><p data-start=\"171\" data-end=\"421\"><br data-start=\"277\" data-end=\"280\">Tegoroczna, <strong data-start=\"292\" data-end=\"315\">jubileuszowa edycja<\/strong> otwiera <strong data-start=\"324\" data-end=\"341\">si\u00f3dm\u0105 dekad\u0119<\/strong> istnienia naszego Festiwalu \u2013 to dla nas ogromne wydarzenie i pow\u00f3d do dumy! \ud83e\udd79<\/p><p data-start=\"423\" data-end=\"678\">\ud83d\udcc5 Spotykamy si\u0119 w Krakowie <strong data-start=\"451\" data-end=\"487\">w dniach 16\u201319 pa\u017adziernika 2025<\/strong> \u2013 ju\u017c teraz zarezerwujcie ten termin!<br data-start=\"525\" data-end=\"528\">W najbli\u017cszych dniach zaczniemy odkrywa\u0107 przed Wami kolejne elementy programu. Obiecujemy: <strong data-start=\"619\" data-end=\"672\">b\u0119dzie spektakularnie, wyj\u0105tkowo i niezapomnianie<\/strong>! \ud83e\udd29\ud83c\udfb6<\/p><p data-start=\"680\" data-end=\"749\">\ud83d\udca1 \u015aled\u017acie nas uwa\u017cnie, bo ta edycja naprawd\u0119 przejdzie do historii.<\/p><p data-start=\"751\" data-end=\"973\">PS: Robimy wszystko, by sprosta\u0107 Waszym oczekiwaniom i godnie uczci\u0107 ten pi\u0119kny jubileusz \u2764\ufe0f<\/p><p data-start=\"751\" data-end=\"973\">PS2: Ogromne podzi\u0119kowania za opraw\u0119 graficzn\u0105 tegorocznej edycji kierujemy do Zosi Wojdackiej!<\/p>","_links":{"self":[{"href":"http:\/\/studenckifestiwal.pl\/index.php\/wp-json\/wp\/v2\/pages\/3658","targetHints":{"allow":["GET"]}}],"collection":[{"href":"http:\/\/studenckifestiwal.pl\/index.php\/wp-json\/wp\/v2\/pages"}],"about":[{"href":"http:\/\/studenckifestiwal.pl\/index.php\/wp-json\/wp\/v2\/types\/page"}],"author":[{"embeddable":true,"href":"http:\/\/studenckifestiwal.pl\/index.php\/wp-json\/wp\/v2\/users\/1"}],"replies":[{"embeddable":true,"href":"http:\/\/studenckifestiwal.pl\/index.php\/wp-json\/wp\/v2\/comments?post=3658"}],"version-history":[{"count":2,"href":"http:\/\/studenckifestiwal.pl\/index.php\/wp-json\/wp\/v2\/pages\/3658\/revisions"}],"predecessor-version":[{"id":3662,"href":"http:\/\/studenckifestiwal.pl\/index.php\/wp-json\/wp\/v2\/pages\/3658\/revisions\/3662"}],"wp:featuredmedia":[{"embeddable":true,"href":"http:\/\/studenckifestiwal.pl\/index.php\/wp-json\/wp\/v2\/media\/3661"}],"wp:attachment":[{"href":"http:\/\/studenckifestiwal.pl\/index.php\/wp-json\/wp\/v2\/media?parent=3658"}],"curies":[{"name":"wp","href":"https:\/\/api.w.org\/{rel}","templated":true}]}}